{"id":767,"date":"2021-06-23T09:34:57","date_gmt":"2021-06-23T09:34:57","guid":{"rendered":"https:\/\/masvicens.olalon.com\/?page_id=767"},"modified":"2026-01-05T15:11:44","modified_gmt":"2026-01-05T15:11:44","slug":"eventos","status":"publish","type":"page","link":"https:\/\/masvicens.com\/es\/eventos\/","title":{"rendered":"EVENTOS"},"content":{"rendered":"<p>[et_pb_section fb_built=&#8221;1&#8243; custom_padding_last_edited=&#8221;off|phone&#8221; admin_label=&#8221;section&#8221; _builder_version=&#8221;4.21.0&#8243; background_color=&#8221;#444444&#8243; use_background_color_gradient=&#8221;on&#8221; background_color_gradient_direction=&#8221;204deg&#8221; background_color_gradient_stops=&#8221;rgba(68,68,68,0.5) 0%|rgba(17,17,17,0.38) 100%&#8221; background_color_gradient_overlays_image=&#8221;on&#8221; background_color_gradient_start=&#8221;rgba(68,68,68,0.5)&#8221; background_color_gradient_end=&#8221;rgba(17,17,17,0.38)&#8221; background_image=&#8221;https:\/\/masvicens.com\/wp-content\/uploads\/2023\/07\/MSV_PresentacioLaFonollosa_-43.webp&#8221; background_position=&#8221;bottom_left&#8221; vertical_offset=&#8221;0px&#8221; height=&#8221;90vh&#8221; height_tablet=&#8221;&#8221; height_phone=&#8221;&#8221; height_last_edited=&#8221;on|tablet&#8221; max_height=&#8221;90vh&#8221; max_height_tablet=&#8221;60vh&#8221; max_height_phone=&#8221;60vh&#8221; max_height_last_edited=&#8221;on|tablet&#8221; custom_margin=&#8221;0px||||false|false&#8221; custom_margin_tablet=&#8221;-68px||||false|false&#8221; custom_margin_phone=&#8221;-50px||||false|false&#8221; custom_margin_last_edited=&#8221;on|phone&#8221; custom_padding=&#8221;0px||||false|false&#8221; custom_padding_phone=&#8221;0px||||false|false&#8221; sticky_limit_bottom=&#8221;body&#8221; custom_css_main_element=&#8221;height: calc(100vh &#8211; 136px) !important;||max-height: calc(100vh &#8211; 136px) !important;&#8221; locked=&#8221;off&#8221; global_colors_info=&#8221;{}&#8221;][et_pb_row admin_label=&#8221;Fila&#8221; _builder_version=&#8221;4.16&#8243; _module_preset=&#8221;default&#8221; use_background_color_gradient=&#8221;on&#8221; background_color_gradient_stops=&#8221;rgba(17,17,17,0) 0%|rgba(0,0,0,0) 100%&#8221; background_color_gradient_start=&#8221;rgba(17,17,17,0)&#8221; background_color_gradient_end=&#8221;rgba(0,0,0,0)&#8221; positioning=&#8221;absolute&#8221; position_origin_a=&#8221;center_center&#8221; width_tablet=&#8221;&#8221; width_phone=&#8221;&#8221; width_last_edited=&#8221;on|phone&#8221; custom_margin=&#8221;||||false|false&#8221; custom_margin_tablet=&#8221;&#8221; custom_margin_phone=&#8221;||||false|false&#8221; custom_margin_last_edited=&#8221;on|phone&#8221; custom_padding=&#8221;||||false|false&#8221; hover_transition_duration=&#8221;250ms&#8221; scroll_fade=&#8221;0|22|22|49|100%|28%|0%&#8221; motion_trigger_start=&#8221;bottom&#8221; module_alignment_tablet=&#8221;center&#8221; module_alignment_phone=&#8221;center&#8221; module_alignment_last_edited=&#8221;on|phone&#8221; scroll_fade_tablet=&#8221;18|36|37|61|100%|100|0%&#8221; scroll_fade_phone=&#8221;15|39|40|100|100%|100|0%&#8221; scroll_fade_last_edited=&#8221;on|phone&#8221; global_colors_info=&#8221;{}&#8221;][et_pb_column type=&#8221;4_4&#8243; _builder_version=&#8221;4.16&#8243; _module_preset=&#8221;default&#8221; global_colors_info=&#8221;{}&#8221;][et_pb_text _builder_version=&#8221;4.16&#8243; _module_preset=&#8221;default&#8221; text_font=&#8221;Montserrat||||||||&#8221; text_text_color=&#8221;#ffffff&#8221; text_font_size=&#8221;50px&#8221; text_letter_spacing=&#8221;3px&#8221; header_font=&#8221;Open Sans|700|||||||&#8221; header_text_color=&#8221;#ffffff&#8221; header_font_size=&#8221;50px&#8221; header_letter_spacing=&#8221;3px&#8221; header_2_text_color=&#8221;#ffffff&#8221; header_2_font_size=&#8221;51px&#8221; custom_margin=&#8221;||||false|false&#8221; custom_margin_tablet=&#8221;|0px||0px|false|true&#8221; custom_margin_phone=&#8221;|0px||0px|false|true&#8221; custom_margin_last_edited=&#8221;on|tablet&#8221; custom_padding=&#8221;||||false|false&#8221; header_font_size_tablet=&#8221;&#8221; header_font_size_phone=&#8221;34px&#8221; header_font_size_last_edited=&#8221;on|phone&#8221; global_colors_info=&#8221;{}&#8221;]<\/p>\n<h1>EVENTOS &amp; TURISMO MICE<\/h1>\n<p>[\/et_pb_text][et_pb_divider color=&#8221;#ffffff&#8221; divider_weight=&#8221;3px&#8221; _builder_version=&#8221;4.16&#8243; _module_preset=&#8221;default&#8221; width=&#8221;3%&#8221; custom_margin=&#8221;||||false|false&#8221; custom_margin_tablet=&#8221;|||0px|false|false&#8221; custom_margin_phone=&#8221;|300px||0px|false|false&#8221; custom_margin_last_edited=&#8221;on|tablet&#8221; custom_padding=&#8221;||||false|true&#8221; global_colors_info=&#8221;{}&#8221;][\/et_pb_divider][et_pb_text _builder_version=&#8221;4.16&#8243; _module_preset=&#8221;default&#8221; text_font=&#8221;Open Sans|600|||||||&#8221; text_text_color=&#8221;#ffffff&#8221; text_font_size=&#8221;26px&#8221; text_line_height=&#8221;1.2em&#8221; text_orientation=&#8221;justified&#8221; width=&#8221;100%&#8221; custom_margin=&#8221;||||false|false&#8221; custom_margin_tablet=&#8221;|0px||0px|false|true&#8221; custom_margin_phone=&#8221;|0px||0px|false|true&#8221; custom_margin_last_edited=&#8221;on|desktop&#8221; custom_padding=&#8221;||||false|false&#8221; custom_padding_tablet=&#8221;|40px|||false|false&#8221; custom_padding_phone=&#8221;|40px|||false|false&#8221; custom_padding_last_edited=&#8221;on|desktop&#8221; text_font_size_tablet=&#8221;&#8221; text_font_size_phone=&#8221;19px&#8221; text_font_size_last_edited=&#8221;on|phone&#8221; global_colors_info=&#8221;{}&#8221;]<\/p>\n<p>Los dos espacios Marinada y Ser\u00e8, con una capacidad para 80 y 25 personas respectivamente, son ventas perfectas condicionadas para un p\u00fablico profesional de empresa, asociaciones de todo tipo y otros grupos, puedan venir a jornadas espec\u00edficas a Mas Vicen\u00e7.<\/p>\n<p>[\/et_pb_text][\/et_pb_column][\/et_pb_row][\/et_pb_section][et_pb_section fb_built=&#8221;1&#8243; _builder_version=&#8221;4.16&#8243; _module_preset=&#8221;default&#8221; global_colors_info=&#8221;{}&#8221;][et_pb_row column_structure=&#8221;2_5,3_5&#8243; use_custom_gutter=&#8221;on&#8221; gutter_width=&#8221;2&#8243; _builder_version=&#8221;4.16&#8243; _module_preset=&#8221;default&#8221; width=&#8221;100%&#8221; max_width=&#8221;90vw&#8221; global_colors_info=&#8221;{}&#8221;][et_pb_column type=&#8221;2_5&#8243; _builder_version=&#8221;4.16&#8243; _module_preset=&#8221;default&#8221; global_colors_info=&#8221;{}&#8221;][et_pb_text _builder_version=&#8221;4.16&#8243; _module_preset=&#8221;default&#8221; header_2_font=&#8221;Open Sans|800|||||||&#8221; header_2_font_size=&#8221;36px&#8221; custom_margin=&#8221;68px||||false|false&#8221; custom_margin_tablet=&#8221;0px||||false|false&#8221; custom_margin_phone=&#8221;0px||||false|false&#8221; custom_margin_last_edited=&#8221;on|tablet&#8221; locked=&#8221;off&#8221; global_colors_info=&#8221;{}&#8221;]<\/p>\n<h2>ESPACIOS<\/h2>\n<p>[\/et_pb_text][et_pb_text _builder_version=&#8221;4.16&#8243; _module_preset=&#8221;default&#8221; text_font=&#8221;Open Sans||||||||&#8221; text_font_size=&#8221;18px&#8221; text_line_height=&#8221;1.8em&#8221; text_orientation=&#8221;center&#8221; custom_margin=&#8221;||60px||false|false&#8221; custom_margin_tablet=&#8221;&#8221; custom_margin_phone=&#8221;||40px||false|false&#8221; custom_margin_last_edited=&#8221;on|phone&#8221; custom_padding=&#8221;|0px|||false|false&#8221; custom_padding_tablet=&#8221;|0px|||false|false&#8221; custom_padding_phone=&#8221;&#8221; custom_padding_last_edited=&#8221;on|desktop&#8221; locked=&#8221;off&#8221; global_colors_info=&#8221;{}&#8221;]<\/p>\n<p style=\"text-align: justify;\"><span>La\u00a0<\/span><strong>Bodega Mas Vicen\u00e7<\/strong><span>\u00a0dispone de dos espacios llamado<\/span>s<strong> Marinada y Ser\u00e8<\/strong><span>, con una capacidad para 80 y 25 personas respectivamente, y son<\/span><strong><span>\u00a0<\/span>salas perfectamente acondicionadas<\/strong><span>\u00a0para que el<\/span><strong><span>\u00a0<\/span>p\u00fablico profesional<\/strong><span>\u00a0de\u00a0<\/span><strong>empresa<\/strong><span>, asociaciones de todo tipo y otros grupos, puedan venir a realizar jornadas espec\u00edficas en nuestra bodega.<\/span><\/p>\n<p>[\/et_pb_text][et_pb_button button_url=&#8221;https:\/\/masvicens.com\/wp-content\/uploads\/2021\/06\/dossier-web-espais-cat.pdf&#8221; button_text=&#8221;Descargar PDF&#8221; button_alignment=&#8221;center&#8221; _builder_version=&#8221;4.16&#8243; _module_preset=&#8221;default&#8221; custom_button=&#8221;on&#8221; button_text_color=&#8221;#ffffff&#8221; button_bg_color=&#8221;#A49C3C&#8221; button_border_color=&#8221;RGBA(0,0,0,0)&#8221; button_font=&#8221;Open Sans||||||||&#8221; button_icon=&#8221;&#x37;||divi||400&#8243; global_colors_info=&#8221;{}&#8221; button_bg_color__hover_enabled=&#8221;on|hover&#8221; button_bg_color__hover=&#8221;rgba(164,156,60,0.62)&#8221; button_bg_enable_color__hover=&#8221;on&#8221;][\/et_pb_button][\/et_pb_column][et_pb_column type=&#8221;3_5&#8243; _builder_version=&#8221;4.16&#8243; _module_preset=&#8221;default&#8221; global_colors_info=&#8221;{}&#8221;][et_pb_image src=&#8221;https:\/\/masvicens.com\/wp-content\/uploads\/2023\/07\/MSV_PresentacioLaFonollosa_-121.webp&#8221; alt=&#8221;esdeveniments mas vicen\u00e7&#8221; title_text=&#8221;MSV_PresentacioLaFonollosa_-121&#8243; align=&#8221;right&#8221; _builder_version=&#8221;4.21.0&#8243; _module_preset=&#8221;default&#8221; width=&#8221;92%&#8221; filter_brightness=&#8221;108%&#8221; box_shadow_style=&#8221;preset6&#8243; box_shadow_horizontal=&#8221;8px&#8221; box_shadow_vertical=&#8221;13px&#8221; box_shadow_blur=&#8221;35px&#8221; global_colors_info=&#8221;{}&#8221;][\/et_pb_image][\/et_pb_column][\/et_pb_row][\/et_pb_section][et_pb_section fb_built=&#8221;1&#8243; _builder_version=&#8221;4.16&#8243; _module_preset=&#8221;default&#8221; custom_margin=&#8221;0px||20px||false|false&#8221; custom_padding=&#8221;0px||0px||false|false&#8221; global_colors_info=&#8221;{}&#8221;][et_pb_row column_structure=&#8221;1_2,1_2&#8243; use_custom_gutter=&#8221;on&#8221; gutter_width=&#8221;2&#8243; _builder_version=&#8221;4.16&#8243; _module_preset=&#8221;default&#8221; width=&#8221;100%&#8221; max_width=&#8221;90vw&#8221; global_colors_info=&#8221;{}&#8221;][et_pb_column type=&#8221;1_2&#8243; _builder_version=&#8221;4.16&#8243; _module_preset=&#8221;default&#8221; global_colors_info=&#8221;{}&#8221;][et_pb_image src=&#8221;https:\/\/masvicens.com\/wp-content\/uploads\/2021\/06\/turismemice_-70_op-1024&#215;684-1.jpg&#8221; alt=&#8221;Turismo Mice&#8221; title_text=&#8221;turismemice_-70_op-1024&#215;684&#8243; force_fullwidth=&#8221;on&#8221; _builder_version=&#8221;4.16&#8243; _module_preset=&#8221;default&#8221; custom_margin=&#8221;||||false|false&#8221; custom_padding=&#8221;||||false|false&#8221; global_colors_info=&#8221;{}&#8221;][\/et_pb_image][et_pb_image src=&#8221;https:\/\/masvicens.com\/wp-content\/uploads\/2022\/07\/MSV_Enoturisme_Mayo-38.jpg&#8221; alt=&#8221;Enoturisme a Tarragona&#8221; title_text=&#8221;Enoturisme a Tarragona&#8221; force_fullwidth=&#8221;on&#8221; _builder_version=&#8221;4.18.0&#8243; _module_preset=&#8221;default&#8221; custom_margin=&#8221;||||false|false&#8221; custom_padding=&#8221;||||false|false&#8221; global_colors_info=&#8221;{}&#8221;][\/et_pb_image][\/et_pb_column][et_pb_column type=&#8221;1_2&#8243; _builder_version=&#8221;4.16&#8243; _module_preset=&#8221;default&#8221; global_colors_info=&#8221;{}&#8221;][et_pb_image src=&#8221;https:\/\/masvicens.com\/wp-content\/uploads\/2021\/06\/turismemice_-51_op-1024&#215;684-1.jpg&#8221; alt=&#8221;Turismo Mice&#8221; title_text=&#8221;turismemice_-51_op-1024&#215;684&#8243; force_fullwidth=&#8221;on&#8221; _builder_version=&#8221;4.16&#8243; _module_preset=&#8221;default&#8221; custom_margin=&#8221;||||false|false&#8221; custom_padding=&#8221;||||false|false&#8221; global_colors_info=&#8221;{}&#8221;][\/et_pb_image][et_pb_image src=&#8221;https:\/\/masvicens.com\/wp-content\/uploads\/2022\/10\/jm5WN_O0.jpg&#8221; alt=&#8221;Turismo por mas Vicens&#8221; title_text=&#8221;esdeveniments tarragona&#8221; force_fullwidth=&#8221;on&#8221; _builder_version=&#8221;4.18.0&#8243; _module_preset=&#8221;default&#8221; custom_margin=&#8221;||||false|false&#8221; custom_padding=&#8221;||||false|false&#8221; global_colors_info=&#8221;{}&#8221;][\/et_pb_image][\/et_pb_column][\/et_pb_row][\/et_pb_section][et_pb_section fb_built=&#8221;1&#8243; _builder_version=&#8221;4.16&#8243; _module_preset=&#8221;default&#8221; custom_padding=&#8221;100px|||||&#8221; global_colors_info=&#8221;{}&#8221;][et_pb_row column_structure=&#8221;1_2,1_2&#8243; _builder_version=&#8221;4.16&#8243; _module_preset=&#8221;default&#8221; width=&#8221;100%&#8221; max_width=&#8221;90vw&#8221; global_colors_info=&#8221;{}&#8221;][et_pb_column type=&#8221;1_2&#8243; _builder_version=&#8221;4.16&#8243; _module_preset=&#8221;default&#8221; custom_padding=&#8221;80px|80px|80px|80px|true|true&#8221; custom_padding_tablet=&#8221;60px|60px|60px|60px|true|true&#8221; custom_padding_phone=&#8221;30px|30px|30px|30px|true|true&#8221; custom_padding_last_edited=&#8221;on|tablet&#8221; border_radii=&#8221;on|1px|1px|1px|1px&#8221; border_width_all=&#8221;1px&#8221; border_color_all=&#8221;#444444&#8243; global_colors_info=&#8221;{}&#8221;][et_pb_text _builder_version=&#8221;4.16&#8243; _module_preset=&#8221;default&#8221; header_2_font=&#8221;Open Sans|900|||||||&#8221; header_2_text_align=&#8221;left&#8221; header_2_text_color=&#8221;#404040&#8243; header_2_font_size=&#8221;36px&#8221; header_2_line_height=&#8221;1.3em&#8221; global_colors_info=&#8221;{}&#8221;]<\/p>\n<h2>ESPACIO &#8220;MARINADA&#8221;<\/h2>\n<p>[\/et_pb_text][et_pb_image src=&#8221;https:\/\/masvicens.com\/wp-content\/uploads\/2021\/06\/mapa-sales-1024&#215;640-1.jpg&#8221; alt=&#8221;espacio %22marinada%22&#8243; title_text=&#8221;mapa-espacio-marinada&#8221; _builder_version=&#8221;4.16&#8243; _module_preset=&#8221;default&#8221; max_width=&#8221;70%&#8221; module_alignment=&#8221;center&#8221; global_colors_info=&#8221;{}&#8221;][\/et_pb_image][et_pb_text _builder_version=&#8221;4.16&#8243; _module_preset=&#8221;default&#8221; text_font=&#8221;Open Sans||||||||&#8221; text_font_size=&#8221;20px&#8221; text_line_height=&#8221;1.75em&#8221; global_colors_info=&#8221;{}&#8221;]<\/p>\n<p><strong>Caracter\u00edsticas<\/strong><\/p>\n<p><b>Superficie<\/b><strong>\u00a0en m2:<\/strong><span>\u00a0<\/span>102 m2<br \/><strong>Situaci\u00f3n:<\/strong>\u00a0 Planta baja, encarada a los vi\u00f1edos de moscatell<br \/><strong>Capacidad m\u00e1xima:<\/strong><span>\u00a0<\/span>90 persones.<\/p>\n<p><img decoding=\"async\" loading=\"lazy\" src=\"https:\/\/masvicens.com\/wp-content\/uploads\/2021\/08\/WiFI.svg\" width=\"27\" height=\"27\" alt=\"\" class=\"wp-image-23018 alignnone size-medium\" data-pagespeed-url-hash=\"3640192237\" onload=\"pagespeed.CriticalImages.checkImageForCriticality(this);\" \/><img decoding=\"async\" loading=\"lazy\" src=\"https:\/\/masvicens.com\/wp-content\/uploads\/2021\/08\/silla.svg\" width=\"27\" height=\"27\" alt=\"\" class=\"wp-image-23026 alignnone size-medium\" data-pagespeed-url-hash=\"1893332007\" onload=\"pagespeed.CriticalImages.checkImageForCriticality(this);\" \/><img decoding=\"async\" loading=\"lazy\" src=\"https:\/\/masvicens.com\/wp-content\/uploads\/2021\/08\/tele.svg\" width=\"27\" height=\"27\" alt=\"\" class=\"wp-image-23034 alignnone size-medium\" data-pagespeed-url-hash=\"3453510326\" onload=\"pagespeed.CriticalImages.checkImageForCriticality(this);\" \/><img decoding=\"async\" loading=\"lazy\" src=\"https:\/\/masvicens.com\/wp-content\/uploads\/2021\/08\/sol.svg\" width=\"27\" height=\"27\" alt=\"\" class=\"wp-image-23030 alignnone size-medium\" data-pagespeed-url-hash=\"1169183364\" onload=\"pagespeed.CriticalImages.checkImageForCriticality(this);\" \/><span>\u00a0<\/span><img decoding=\"async\" loading=\"lazy\" src=\"https:\/\/masvicens.com\/wp-content\/uploads\/2021\/08\/snow.svg\" width=\"27\" height=\"27\" alt=\"\" class=\"wp-image-23022 alignnone size-medium\" data-pagespeed-url-hash=\"3745370455\" onload=\"pagespeed.CriticalImages.checkImageForCriticality(this);\" \/><img decoding=\"async\" loading=\"lazy\" src=\"https:\/\/masvicens.com\/wp-content\/uploads\/2021\/08\/banquet.svg\" width=\"27\" height=\"27\" alt=\"\" class=\"wp-image-23038 alignnone size-medium\" data-pagespeed-url-hash=\"1177010462\" onload=\"pagespeed.CriticalImages.checkImageForCriticality(this);\" \/><span>\u00a0<\/span><img decoding=\"async\" loading=\"lazy\" src=\"https:\/\/masvicens.com\/wp-content\/uploads\/2021\/08\/quadrat.svg\" width=\"27\" height=\"27\" alt=\"\" class=\"wp-image-23042 alignnone size-medium\" data-pagespeed-url-hash=\"1999427246\" onload=\"pagespeed.CriticalImages.checkImageForCriticality(this);\" \/><a href=\"https:\/\/masvicens.com\/wp-content\/uploads\/2021\/08\/forma-u.svg\"><img decoding=\"async\" loading=\"lazy\" src=\"https:\/\/masvicens.com\/wp-content\/uploads\/2021\/08\/forma-u.svg\" width=\"27\" height=\"27\" alt=\"\" class=\"wp-image-23014 alignnone size-medium\" data-pagespeed-url-hash=\"3968731577\" onload=\"pagespeed.CriticalImages.checkImageForCriticality(this);\" \/><\/a><\/p>\n<p>[\/et_pb_text][\/et_pb_column][et_pb_column type=&#8221;1_2&#8243; _builder_version=&#8221;4.16&#8243; _module_preset=&#8221;default&#8221; custom_padding=&#8221;80px|80px|80px|80px|true|true&#8221; custom_padding_tablet=&#8221;60px|60px|60px|60px|true|true&#8221; custom_padding_phone=&#8221;30px|30px|30px|30px|true|true&#8221; custom_padding_last_edited=&#8221;on|tablet&#8221; border_radii=&#8221;on|1px|1px|1px|1px&#8221; border_width_all=&#8221;1px&#8221; border_color_all=&#8221;#444444&#8243; global_colors_info=&#8221;{}&#8221;][et_pb_text _builder_version=&#8221;4.16&#8243; _module_preset=&#8221;default&#8221; header_2_font=&#8221;Open Sans|900|||||||&#8221; header_2_text_align=&#8221;left&#8221; header_2_text_color=&#8221;#404040&#8243; header_2_font_size=&#8221;36px&#8221; header_2_line_height=&#8221;1.3em&#8221; locked=&#8221;off&#8221; global_colors_info=&#8221;{}&#8221;]<\/p>\n<h2>ESPACIO &#8220;SER\u00c8&#8221;<\/h2>\n<p>[\/et_pb_text][et_pb_image src=&#8221;https:\/\/masvicens.com\/wp-content\/uploads\/2021\/06\/masvi.png&#8221; alt=&#8221;plano espacio %22ser\u00e8%22&#8243; title_text=&#8221;plano-espacio-ser\u00e8&#8221; _builder_version=&#8221;4.16&#8243; _module_preset=&#8221;default&#8221; max_width=&#8221;70%&#8221; module_alignment=&#8221;center&#8221; global_colors_info=&#8221;{}&#8221;][\/et_pb_image][et_pb_text _builder_version=&#8221;4.16&#8243; _module_preset=&#8221;default&#8221; text_font=&#8221;Open Sans||||||||&#8221; text_font_size=&#8221;20px&#8221; text_line_height=&#8221;1.75em&#8221; global_colors_info=&#8221;{}&#8221;]<\/p>\n<p><strong>Caracter\u00edsticas<\/strong><\/p>\n<p><b>Superficie<\/b><strong>\u00a0en m2:<\/strong><span>\u00a0<\/span>48 m2<br \/><strong>Situaci\u00f3n:<\/strong>\u00a0Sala encarada al tejado y a la piscina de la mas\u00eda.<br \/><strong>Capacidad m\u00e1xima:<\/strong><span>\u00a0<\/span>50 persones.<\/p>\n<p><img decoding=\"async\" loading=\"lazy\" src=\"https:\/\/masvicens.com\/wp-content\/uploads\/2021\/08\/WiFI.svg\" width=\"27\" height=\"27\" alt=\"\" class=\"wp-image-23018 alignnone size-medium\" data-pagespeed-url-hash=\"3640192237\" onload=\"pagespeed.CriticalImages.checkImageForCriticality(this);\" \/><img decoding=\"async\" loading=\"lazy\" src=\"https:\/\/masvicens.com\/wp-content\/uploads\/2021\/08\/silla.svg\" width=\"27\" height=\"27\" alt=\"\" class=\"wp-image-23026 alignnone size-medium\" data-pagespeed-url-hash=\"1893332007\" onload=\"pagespeed.CriticalImages.checkImageForCriticality(this);\" \/><img decoding=\"async\" loading=\"lazy\" src=\"https:\/\/masvicens.com\/wp-content\/uploads\/2021\/08\/tele.svg\" width=\"27\" height=\"27\" alt=\"\" class=\"wp-image-23034 alignnone size-medium\" data-pagespeed-url-hash=\"3453510326\" onload=\"pagespeed.CriticalImages.checkImageForCriticality(this);\" \/><img decoding=\"async\" loading=\"lazy\" src=\"https:\/\/masvicens.com\/wp-content\/uploads\/2021\/08\/sol.svg\" width=\"27\" height=\"27\" alt=\"\" class=\"wp-image-23030 alignnone size-medium\" data-pagespeed-url-hash=\"1169183364\" onload=\"pagespeed.CriticalImages.checkImageForCriticality(this);\" \/><span>\u00a0<\/span><img decoding=\"async\" loading=\"lazy\" src=\"https:\/\/masvicens.com\/wp-content\/uploads\/2021\/08\/snow.svg\" width=\"27\" height=\"27\" alt=\"\" class=\"wp-image-23022 alignnone size-medium\" data-pagespeed-url-hash=\"3745370455\" onload=\"pagespeed.CriticalImages.checkImageForCriticality(this);\" \/><img decoding=\"async\" loading=\"lazy\" src=\"https:\/\/masvicens.com\/wp-content\/uploads\/2021\/08\/banquet.svg\" width=\"27\" height=\"27\" alt=\"\" class=\"wp-image-23038 alignnone size-medium\" data-pagespeed-url-hash=\"1177010462\" onload=\"pagespeed.CriticalImages.checkImageForCriticality(this);\" \/><span>\u00a0<\/span><img decoding=\"async\" loading=\"lazy\" src=\"https:\/\/masvicens.com\/wp-content\/uploads\/2021\/08\/quadrat.svg\" width=\"27\" height=\"27\" alt=\"\" class=\"wp-image-23042 alignnone size-medium\" data-pagespeed-url-hash=\"1999427246\" onload=\"pagespeed.CriticalImages.checkImageForCriticality(this);\" \/><a href=\"https:\/\/masvicens.com\/wp-content\/uploads\/2021\/08\/forma-u.svg\"><img decoding=\"async\" loading=\"lazy\" src=\"https:\/\/masvicens.com\/wp-content\/uploads\/2021\/08\/forma-u.svg\" width=\"27\" height=\"27\" alt=\"\" class=\"wp-image-23014 alignnone size-medium\" data-pagespeed-url-hash=\"3968731577\" onload=\"pagespeed.CriticalImages.checkImageForCriticality(this);\" \/><\/a><\/p>\n<p>[\/et_pb_text][\/et_pb_column][\/et_pb_row][\/et_pb_section]<\/p>\n","protected":false},"excerpt":{"rendered":"<p>EVENTOS &amp; TURISMO MICELos dos espacios Marinada y Ser\u00e8, con una capacidad para 80 y 25 personas respectivamente, son ventas perfectas condicionadas para un p\u00fablico profesional de empresa, asociaciones de todo tipo y otros grupos, puedan venir a jornadas espec\u00edficas a Mas Vicen\u00e7.ESPACIOSLa\u00a0Bodega Mas Vicen\u00e7\u00a0dispone de dos espacios llamados Marinada y Ser\u00e8, con una capacidad [&hellip;]<\/p>\n","protected":false},"author":1,"featured_media":0,"parent":0,"menu_order":0,"comment_status":"closed","ping_status":"closed","template":"","meta":{"_et_pb_use_builder":"on","_et_pb_old_content":"","_et_gb_content_width":"","inline_featured_image":false,"_joinchat":[],"footnotes":""},"class_list":["post-767","page","type-page","status-publish","hentry"],"yoast_head":"<!-- This site is optimized with the Yoast SEO plugin v27.4 - https:\/\/yoast.com\/product\/yoast-seo-wordpress\/ -->\n<title>EVENTOS - Celler Mas Vicen\u00e7 | Re-evolucionant la tradici\u00f3<\/title>\n<meta name=\"robots\" content=\"index, follow, max-snippet:-1, max-image-preview:large, max-video-preview:-1\" \/>\n<link rel=\"canonical\" href=\"https:\/\/masvicens.com\/es\/eventos\/\" \/>\n<meta property=\"og:locale\" content=\"es_ES\" \/>\n<meta property=\"og:type\" content=\"article\" \/>\n<meta property=\"og:title\" content=\"EVENTOS - Celler Mas Vicen\u00e7 | Re-evolucionant la tradici\u00f3\" \/>\n<meta property=\"og:description\" content=\"EVENTOS &amp; TURISMO MICELos dos espacios Marinada y Ser\u00e8, con una capacidad para 80 y 25 personas respectivamente, son ventas perfectas condicionadas para un p\u00fablico profesional de empresa, asociaciones de todo tipo y otros grupos, puedan venir a jornadas espec\u00edficas a Mas Vicen\u00e7.ESPACIOSLa\u00a0Bodega Mas Vicen\u00e7\u00a0dispone de dos espacios llamados Marinada y Ser\u00e8, con una capacidad [&hellip;]\" \/>\n<meta property=\"og:url\" content=\"https:\/\/masvicens.com\/es\/eventos\/\" \/>\n<meta property=\"og:site_name\" content=\"Celler Mas Vicen\u00e7 | Re-evolucionant la tradici\u00f3\" \/>\n<meta property=\"article:modified_time\" content=\"2026-01-05T15:11:44+00:00\" \/>\n<meta property=\"og:image\" content=\"https:\/\/masvicens.com\/wp-content\/uploads\/2021\/08\/WiFI.svg\" \/>\n<meta name=\"twitter:card\" content=\"summary_large_image\" \/>\n<meta name=\"twitter:label1\" content=\"Tiempo de lectura\" \/>\n\t<meta name=\"twitter:data1\" content=\"1 minuto\" \/>\n<script type=\"application\/ld+json\" class=\"yoast-schema-graph\">{\"@context\":\"https:\\\/\\\/schema.org\",\"@graph\":[{\"@type\":\"WebPage\",\"@id\":\"https:\\\/\\\/masvicens.com\\\/es\\\/eventos\\\/\",\"url\":\"https:\\\/\\\/masvicens.com\\\/es\\\/eventos\\\/\",\"name\":\"EVENTOS - Celler Mas Vicen\u00e7 | Re-evolucionant la tradici\u00f3\",\"isPartOf\":{\"@id\":\"https:\\\/\\\/masvicens.com\\\/es\\\/#website\"},\"primaryImageOfPage\":{\"@id\":\"https:\\\/\\\/masvicens.com\\\/es\\\/eventos\\\/#primaryimage\"},\"image\":{\"@id\":\"https:\\\/\\\/masvicens.com\\\/es\\\/eventos\\\/#primaryimage\"},\"thumbnailUrl\":\"https:\\\/\\\/masvicens.com\\\/wp-content\\\/uploads\\\/2021\\\/08\\\/WiFI.svg\",\"datePublished\":\"2021-06-23T09:34:57+00:00\",\"dateModified\":\"2026-01-05T15:11:44+00:00\",\"breadcrumb\":{\"@id\":\"https:\\\/\\\/masvicens.com\\\/es\\\/eventos\\\/#breadcrumb\"},\"inLanguage\":\"es\",\"potentialAction\":[{\"@type\":\"ReadAction\",\"target\":[\"https:\\\/\\\/masvicens.com\\\/es\\\/eventos\\\/\"]}]},{\"@type\":\"ImageObject\",\"inLanguage\":\"es\",\"@id\":\"https:\\\/\\\/masvicens.com\\\/es\\\/eventos\\\/#primaryimage\",\"url\":\"https:\\\/\\\/masvicens.com\\\/wp-content\\\/uploads\\\/2021\\\/08\\\/WiFI.svg\",\"contentUrl\":\"https:\\\/\\\/masvicens.com\\\/wp-content\\\/uploads\\\/2021\\\/08\\\/WiFI.svg\"},{\"@type\":\"BreadcrumbList\",\"@id\":\"https:\\\/\\\/masvicens.com\\\/es\\\/eventos\\\/#breadcrumb\",\"itemListElement\":[{\"@type\":\"ListItem\",\"position\":1,\"name\":\"Portada\",\"item\":\"https:\\\/\\\/masvicens.com\\\/es\\\/\"},{\"@type\":\"ListItem\",\"position\":2,\"name\":\"EVENTOS\"}]},{\"@type\":\"WebSite\",\"@id\":\"https:\\\/\\\/masvicens.com\\\/es\\\/#website\",\"url\":\"https:\\\/\\\/masvicens.com\\\/es\\\/\",\"name\":\"Celler Mas Vicen\u00e7 | Re-evolucionant la tradici\u00f3\",\"description\":\"Veniu a viure l&#039;enoturisme i a con\u00e8ixer la nostra col\u00b7lecci\u00f3 de vins elaborats amb la millor selecci\u00f3 de ra\u00efm del nostre celler a Tarragona.\",\"potentialAction\":[{\"@type\":\"SearchAction\",\"target\":{\"@type\":\"EntryPoint\",\"urlTemplate\":\"https:\\\/\\\/masvicens.com\\\/es\\\/?s={search_term_string}\"},\"query-input\":{\"@type\":\"PropertyValueSpecification\",\"valueRequired\":true,\"valueName\":\"search_term_string\"}}],\"inLanguage\":\"es\"}]}<\/script>\n<!-- \/ Yoast SEO plugin. -->","yoast_head_json":{"title":"EVENTOS - Celler Mas Vicen\u00e7 | Re-evolucionant la tradici\u00f3","robots":{"index":"index","follow":"follow","max-snippet":"max-snippet:-1","max-image-preview":"max-image-preview:large","max-video-preview":"max-video-preview:-1"},"canonical":"https:\/\/masvicens.com\/es\/eventos\/","og_locale":"es_ES","og_type":"article","og_title":"EVENTOS - Celler Mas Vicen\u00e7 | Re-evolucionant la tradici\u00f3","og_description":"EVENTOS &amp; TURISMO MICELos dos espacios Marinada y Ser\u00e8, con una capacidad para 80 y 25 personas respectivamente, son ventas perfectas condicionadas para un p\u00fablico profesional de empresa, asociaciones de todo tipo y otros grupos, puedan venir a jornadas espec\u00edficas a Mas Vicen\u00e7.ESPACIOSLa\u00a0Bodega Mas Vicen\u00e7\u00a0dispone de dos espacios llamados Marinada y Ser\u00e8, con una capacidad [&hellip;]","og_url":"https:\/\/masvicens.com\/es\/eventos\/","og_site_name":"Celler Mas Vicen\u00e7 | Re-evolucionant la tradici\u00f3","article_modified_time":"2026-01-05T15:11:44+00:00","og_image":[{"url":"https:\/\/masvicens.com\/wp-content\/uploads\/2021\/08\/WiFI.svg","type":"","width":"","height":""}],"twitter_card":"summary_large_image","twitter_misc":{"Tiempo de lectura":"1 minuto"},"schema":{"@context":"https:\/\/schema.org","@graph":[{"@type":"WebPage","@id":"https:\/\/masvicens.com\/es\/eventos\/","url":"https:\/\/masvicens.com\/es\/eventos\/","name":"EVENTOS - Celler Mas Vicen\u00e7 | Re-evolucionant la tradici\u00f3","isPartOf":{"@id":"https:\/\/masvicens.com\/es\/#website"},"primaryImageOfPage":{"@id":"https:\/\/masvicens.com\/es\/eventos\/#primaryimage"},"image":{"@id":"https:\/\/masvicens.com\/es\/eventos\/#primaryimage"},"thumbnailUrl":"https:\/\/masvicens.com\/wp-content\/uploads\/2021\/08\/WiFI.svg","datePublished":"2021-06-23T09:34:57+00:00","dateModified":"2026-01-05T15:11:44+00:00","breadcrumb":{"@id":"https:\/\/masvicens.com\/es\/eventos\/#breadcrumb"},"inLanguage":"es","potentialAction":[{"@type":"ReadAction","target":["https:\/\/masvicens.com\/es\/eventos\/"]}]},{"@type":"ImageObject","inLanguage":"es","@id":"https:\/\/masvicens.com\/es\/eventos\/#primaryimage","url":"https:\/\/masvicens.com\/wp-content\/uploads\/2021\/08\/WiFI.svg","contentUrl":"https:\/\/masvicens.com\/wp-content\/uploads\/2021\/08\/WiFI.svg"},{"@type":"BreadcrumbList","@id":"https:\/\/masvicens.com\/es\/eventos\/#breadcrumb","itemListElement":[{"@type":"ListItem","position":1,"name":"Portada","item":"https:\/\/masvicens.com\/es\/"},{"@type":"ListItem","position":2,"name":"EVENTOS"}]},{"@type":"WebSite","@id":"https:\/\/masvicens.com\/es\/#website","url":"https:\/\/masvicens.com\/es\/","name":"Celler Mas Vicen\u00e7 | Re-evolucionant la tradici\u00f3","description":"Veniu a viure l&#039;enoturisme i a con\u00e8ixer la nostra col\u00b7lecci\u00f3 de vins elaborats amb la millor selecci\u00f3 de ra\u00efm del nostre celler a Tarragona.","potentialAction":[{"@type":"SearchAction","target":{"@type":"EntryPoint","urlTemplate":"https:\/\/masvicens.com\/es\/?s={search_term_string}"},"query-input":{"@type":"PropertyValueSpecification","valueRequired":true,"valueName":"search_term_string"}}],"inLanguage":"es"}]}},"_links":{"self":[{"href":"https:\/\/masvicens.com\/es\/wp-json\/wp\/v2\/pages\/767","targetHints":{"allow":["GET"]}}],"collection":[{"href":"https:\/\/masvicens.com\/es\/wp-json\/wp\/v2\/pages"}],"about":[{"href":"https:\/\/masvicens.com\/es\/wp-json\/wp\/v2\/types\/page"}],"author":[{"embeddable":true,"href":"https:\/\/masvicens.com\/es\/wp-json\/wp\/v2\/users\/1"}],"replies":[{"embeddable":true,"href":"https:\/\/masvicens.com\/es\/wp-json\/wp\/v2\/comments?post=767"}],"version-history":[{"count":1,"href":"https:\/\/masvicens.com\/es\/wp-json\/wp\/v2\/pages\/767\/revisions"}],"predecessor-version":[{"id":32143,"href":"https:\/\/masvicens.com\/es\/wp-json\/wp\/v2\/pages\/767\/revisions\/32143"}],"wp:attachment":[{"href":"https:\/\/masvicens.com\/es\/wp-json\/wp\/v2\/media?parent=767"}],"curies":[{"name":"wp","href":"https:\/\/api.w.org\/{rel}","templated":true}]}}